{"id":29334,"date":"2025-07-14T16:49:00","date_gmt":"2025-07-14T14:49:00","guid":{"rendered":"https:\/\/digitourism.ch\/?page_id=29334"},"modified":"2025-09-05T10:48:04","modified_gmt":"2025-09-05T08:48:04","slug":"digitourism-treffen-speaking-gen-z-was-funktioniert-bei-der-generation-von-morgen","status":"publish","type":"page","link":"https:\/\/digitourism.ch\/de\/digitourism-treffen-speaking-gen-z-was-funktioniert-bei-der-generation-von-morgen\/","title":{"rendered":"Digitourism-Treffen: Speaking Gen Z \u2013 Was funktioniert bei der Generation von morgen?"},"content":{"rendered":"\t\t<div data-elementor-type=\"wp-page\" data-elementor-id=\"29334\" class=\"elementor elementor-29334 elementor-29308\" data-elementor-post-type=\"page\">\n\t\t\t\t\t\t<section class=\"elementor-section elementor-top-section elementor-element elementor-element-8e82ac5 elementor-section-boxed elementor-section-height-default elementor-section-height-default\" data-id=\"8e82ac5\" data-element_type=\"section\" data-e-type=\"section\">\n\t\t\t\t\t\t<div class=\"elementor-container elementor-column-gap-default\">\n\t\t\t\t\t<div class=\"elementor-column elementor-col-100 elementor-top-column elementor-element elementor-element-e4ddc83\" data-id=\"e4ddc83\" data-element_type=\"column\" data-e-type=\"column\">\n\t\t\t<div class=\"elementor-widget-wrap elementor-element-populated\">\n\t\t\t\t\t\t<div class=\"elementor-element elementor-element-0758a87 elementor-widget elementor-widget-spacer\" data-id=\"0758a87\" data-element_type=\"widget\" data-e-type=\"widget\" data-widget_type=\"spacer.default\">\n\t\t\t\t<div class=\"elementor-widget-container\">\n\t\t\t\t\t\t\t<div class=\"elementor-spacer\">\n\t\t\t<div class=\"elementor-spacer-inner\"><\/div>\n\t\t<\/div>\n\t\t\t\t\t\t<\/div>\n\t\t\t\t<\/div>\n\t\t\t\t\t<\/div>\n\t\t<\/div>\n\t\t\t\t\t<\/div>\n\t\t<\/section>\n\t\t\t\t<section class=\"elementor-section elementor-top-section elementor-element elementor-element-6f05a87 elementor-section-boxed elementor-section-height-default elementor-section-height-default\" data-id=\"6f05a87\" data-element_type=\"section\" data-e-type=\"section\">\n\t\t\t\t\t\t<div class=\"elementor-container elementor-column-gap-default\">\n\t\t\t\t\t<div class=\"elementor-column elementor-col-100 elementor-top-column elementor-element elementor-element-8ccbed1\" data-id=\"8ccbed1\" data-element_type=\"column\" data-e-type=\"column\">\n\t\t\t<div class=\"elementor-widget-wrap elementor-element-populated\">\n\t\t\t\t\t\t<div class=\"elementor-element elementor-element-e174610 elementor-widget elementor-widget-heading\" data-id=\"e174610\" data-element_type=\"widget\" data-e-type=\"widget\" data-widget_type=\"heading.default\">\n\t\t\t\t<div class=\"elementor-widget-container\">\n\t\t\t\t\t<h2 class=\"elementor-heading-title elementor-size-default\">Treffen &amp; Webinar <br><br>\n\n<b>Speaking Gen Z mit der Agentur ohooo<\/b>\n<br> <br> Was funktioniert bei der Generation von morgen? <br>(Vortrag auf Deutsch)<\/h2>\t\t\t\t<\/div>\n\t\t\t\t<\/div>\n\t\t\t\t<div class=\"elementor-element elementor-element-3bf16ba elementor-widget elementor-widget-text-editor\" data-id=\"3bf16ba\" data-element_type=\"widget\" data-e-type=\"widget\" data-widget_type=\"text-editor.default\">\n\t\t\t\t<div class=\"elementor-widget-container\">\n\t\t\t\t\t\t\t\t\t<p><strong>Das Treffen findet am Donnerstag, den 4. September 2025,<br \/>von 17.00 bis 19.00 Uhr statt.<\/strong><\/p><p><span style=\"text-decoration: underline;\"><a href=\"https:\/\/www.google.com\/maps\/place\/Hotel+Restaurant+B%C3%BCrchnerhof\/@46.2755013,7.8254321,898m\/data=!3m2!1e3!4b1!4m9!3m8!1s0x478f153cf1d6951f:0xf8ffd857f54307a!5m2!4m1!1i2!8m2!3d46.2755013!4d7.8254321!16s%2Fg%2F1wbrwpmw?entry=ttu&amp;g_ep=EgoyMDI1MDcwOS4wIKXMDSoASAFQAw%3D%3D\" target=\"_blank\" rel=\"noopener\">Hotel Restaurant B\u00fcrchnerhof, B\u00fcrchen (VS)<\/a><\/span><\/p><p><strong>Es gibt auch die M\u00f6glichkeit, die Konferenz online zu verfolgen.<\/strong><\/p>\t\t\t\t\t\t\t\t<\/div>\n\t\t\t\t<\/div>\n\t\t\t\t\t<\/div>\n\t\t<\/div>\n\t\t\t\t\t<\/div>\n\t\t<\/section>\n\t\t\t\t<section class=\"elementor-section elementor-top-section elementor-element elementor-element-ab87e2a elementor-section-boxed elementor-section-height-default elementor-section-height-default\" data-id=\"ab87e2a\" data-element_type=\"section\" data-e-type=\"section\">\n\t\t\t\t\t\t<div class=\"elementor-container elementor-column-gap-default\">\n\t\t\t\t\t<div class=\"elementor-column elementor-col-33 elementor-top-column elementor-element elementor-element-7817d90\" data-id=\"7817d90\" data-element_type=\"column\" data-e-type=\"column\">\n\t\t\t<div class=\"elementor-widget-wrap elementor-element-populated\">\n\t\t\t\t\t\t<div class=\"elementor-element elementor-element-60bc3c2 elementor-widget elementor-widget-text-editor\" data-id=\"60bc3c2\" data-element_type=\"widget\" data-e-type=\"widget\" data-widget_type=\"text-editor.default\">\n\t\t\t\t<div class=\"elementor-widget-container\">\n\t\t\t\t\t\t\t\t\t<p data-start=\"0\" data-end=\"112\">Was motiviert die Generation Z? Und vor allem: Auf welchen Plattformen und mit welcher Art von Content bringen Sie sie dazu, zu klicken, sich zu bewerben oder zu buchen?<\/p><p>In diesem Workshop r\u00e4umen wir mit g\u00e4ngigen Missverst\u00e4ndnissen auf und tauchen tief in die Kultur, die Sprache und die Social-Media-Gewohnheiten der Gen Z ein.<\/p><p data-start=\"293\" data-end=\"463\">Geboren zwischen 1997 und 2012, die Generation Z ist mit sozialen Medien, sofortigem Informationszugang und einer stark geforderten Aufmerksamkeitsspanne aufgewachsen. Sie sind Ihre zuk\u00fcnftigen Kund:innen, Mitarbeitenden, Besucher:innen. Aber wissen Sie wirklich, wie Sie sie erreichen?<\/p><p>Vor Ort nehmen Sie an einem Workshop mit einem klaren Ziel teil: einer Kommunikation, welche die Gen Z wirklich erreicht. Im ersten Teil stellen wir die relevantesten Plattformen vor, inklusive konkreter Strategien, Formate und Best Practices. Im zweiten, interaktiven Teil zeigen wir, wie Sie mit einfachen Mitteln selbst Inhalte planen, produzieren und ver\u00f6ffentlichen k\u00f6nnen.<\/p>\t\t\t\t\t\t\t\t<\/div>\n\t\t\t\t<\/div>\n\t\t\t\t<div class=\"elementor-element elementor-element-9b88070 elementor-widget elementor-widget-spacer\" data-id=\"9b88070\" data-element_type=\"widget\" data-e-type=\"widget\" data-widget_type=\"spacer.default\">\n\t\t\t\t<div class=\"elementor-widget-container\">\n\t\t\t\t\t\t\t<div class=\"elementor-spacer\">\n\t\t\t<div class=\"elementor-spacer-inner\"><\/div>\n\t\t<\/div>\n\t\t\t\t\t\t<\/div>\n\t\t\t\t<\/div>\n\t\t\t\t\t<\/div>\n\t\t<\/div>\n\t\t\t\t<div class=\"elementor-column elementor-col-33 elementor-top-column elementor-element elementor-element-81f6a90\" data-id=\"81f6a90\" data-element_type=\"column\" data-e-type=\"column\">\n\t\t\t<div class=\"elementor-widget-wrap\">\n\t\t\t\t\t\t\t<\/div>\n\t\t<\/div>\n\t\t\t\t<div class=\"elementor-column elementor-col-33 elementor-top-column elementor-element elementor-element-00b1487\" data-id=\"00b1487\" data-element_type=\"column\" data-e-type=\"column\" data-settings=\"{&quot;background_background&quot;:&quot;classic&quot;}\">\n\t\t\t<div class=\"elementor-widget-wrap elementor-element-populated\">\n\t\t\t\t\t\t<div class=\"elementor-element elementor-element-e743b38 elementor-widget elementor-widget-heading\" data-id=\"e743b38\" data-element_type=\"widget\" data-e-type=\"widget\" data-widget_type=\"heading.default\">\n\t\t\t\t<div class=\"elementor-widget-container\">\n\t\t\t\t\t<h2 class=\"elementor-heading-title elementor-size-default\">Redner<\/h2>\t\t\t\t<\/div>\n\t\t\t\t<\/div>\n\t\t\t\t<div class=\"elementor-element elementor-element-42f16c6 elementor-author-box--layout-image-above elementor-widget elementor-widget-author-box\" data-id=\"42f16c6\" data-element_type=\"widget\" data-e-type=\"widget\" data-widget_type=\"author-box.default\">\n\t\t\t\t<div class=\"elementor-widget-container\">\n\t\t\t\t\t\t\t<div class=\"elementor-author-box\">\n\t\t\t\n\t\t\t<div class=\"elementor-author-box__text\">\n\t\t\t\t\t\t\t\t\t<a href=\"https:\/\/www.linkedin.com\/in\/ramon-jeitziner-9132b41b7\/?originalSubdomain=ch\" target=\"_blank\">\n\t\t\t\t\t\t<h3 class=\"elementor-author-box__name\">\n\t\t\t\t\t\t\tRamon Jeitziner\t\t\t\t\t\t<\/h3>\n\t\t\t\t\t<\/a>\n\t\t\t\t\n\t\t\t\t\t\t\t\t\t<div class=\"elementor-author-box__bio\">\n\t\t\t\t\t\t<p>Marketing Manager, ohooo Agency<\/p>\n\t\t\t\t\t<\/div>\n\t\t\t\t\n\t\t\t\t\t\t\t<\/div>\n\t\t<\/div>\n\t\t\t\t\t\t<\/div>\n\t\t\t\t<\/div>\n\t\t\t\t<div class=\"elementor-element elementor-element-bf3e636 elementor-widget elementor-widget-image\" data-id=\"bf3e636\" data-element_type=\"widget\" data-e-type=\"widget\" data-widget_type=\"image.default\">\n\t\t\t\t<div class=\"elementor-widget-container\">\n\t\t\t\t\t\t\t\t\t\t\t\t\t\t\t\t<a href=\"https:\/\/www.linkedin.com\/in\/ramon-jeitziner-9132b41b7\/?originalSubdomain=ch\" target=\"_blank\">\n\t\t\t\t\t\t\t<img fetchpriority=\"high\" decoding=\"async\" width=\"1024\" height=\"1024\" src=\"https:\/\/digitourism.ch\/wp-content\/uploads\/2025\/07\/ramon-1024x1024.png\" class=\"attachment-large size-large wp-image-29327\" alt=\"\" srcset=\"https:\/\/digitourism.ch\/wp-content\/uploads\/2025\/07\/ramon-1024x1024.png 1024w, https:\/\/digitourism.ch\/wp-content\/uploads\/2025\/07\/ramon-300x300.png 300w, https:\/\/digitourism.ch\/wp-content\/uploads\/2025\/07\/ramon-150x150.png 150w, https:\/\/digitourism.ch\/wp-content\/uploads\/2025\/07\/ramon-768x768.png 768w, https:\/\/digitourism.ch\/wp-content\/uploads\/2025\/07\/ramon.png 1240w\" sizes=\"(max-width: 1024px) 100vw, 1024px\" \/>\t\t\t\t\t\t\t\t<\/a>\n\t\t\t\t\t\t\t\t\t\t\t\t\t\t\t<\/div>\n\t\t\t\t<\/div>\n\t\t\t\t\t<\/div>\n\t\t<\/div>\n\t\t\t\t\t<\/div>\n\t\t<\/section>\n\t\t\t\t<section class=\"elementor-section elementor-top-section elementor-element elementor-element-f9e76ef elementor-section-boxed elementor-section-height-default elementor-section-height-default\" data-id=\"f9e76ef\" data-element_type=\"section\" data-e-type=\"section\">\n\t\t\t\t\t\t<div class=\"elementor-container elementor-column-gap-default\">\n\t\t\t\t\t<div class=\"elementor-column elementor-col-100 elementor-top-column elementor-element elementor-element-6b9cc98\" data-id=\"6b9cc98\" data-element_type=\"column\" data-e-type=\"column\">\n\t\t\t<div class=\"elementor-widget-wrap elementor-element-populated\">\n\t\t\t\t\t\t<div class=\"elementor-element elementor-element-721a8da elementor-widget elementor-widget-spacer\" data-id=\"721a8da\" data-element_type=\"widget\" data-e-type=\"widget\" data-widget_type=\"spacer.default\">\n\t\t\t\t<div class=\"elementor-widget-container\">\n\t\t\t\t\t\t\t<div class=\"elementor-spacer\">\n\t\t\t<div class=\"elementor-spacer-inner\"><\/div>\n\t\t<\/div>\n\t\t\t\t\t\t<\/div>\n\t\t\t\t<\/div>\n\t\t\t\t\t<\/div>\n\t\t<\/div>\n\t\t\t\t\t<\/div>\n\t\t<\/section>\n\t\t\t\t<section class=\"elementor-section elementor-top-section elementor-element elementor-element-d877ab7 elementor-section-boxed elementor-section-height-default elementor-section-height-default\" data-id=\"d877ab7\" data-element_type=\"section\" data-e-type=\"section\">\n\t\t\t\t\t\t<div class=\"elementor-container elementor-column-gap-default\">\n\t\t\t\t\t<div class=\"elementor-column elementor-col-50 elementor-top-column elementor-element elementor-element-d64f6d8\" data-id=\"d64f6d8\" data-element_type=\"column\" data-e-type=\"column\">\n\t\t\t<div class=\"elementor-widget-wrap elementor-element-populated\">\n\t\t\t\t\t\t<div class=\"elementor-element elementor-element-df01f0a elementor-widget elementor-widget-heading\" data-id=\"df01f0a\" data-element_type=\"widget\" data-e-type=\"widget\" data-widget_type=\"heading.default\">\n\t\t\t\t<div class=\"elementor-widget-container\">\n\t\t\t\t\t<h2 class=\"elementor-heading-title elementor-size-default\">Programm<\/h2>\t\t\t\t<\/div>\n\t\t\t\t<\/div>\n\t\t\t\t<div class=\"elementor-element elementor-element-065b057 elementor-widget elementor-widget-text-editor\" data-id=\"065b057\" data-element_type=\"widget\" data-e-type=\"widget\" data-widget_type=\"text-editor.default\">\n\t\t\t\t<div class=\"elementor-widget-container\">\n\t\t\t\t\t\t\t\t\t<ul><li><p>16:45 Uhr: Empfang der Teilnehmer<\/p><\/li><li><p>17:00-17:05 Uhr: Einige Worte zum Digitourism-Programm (vor Ort und online)<\/p><\/li><li><p>17:05-18:00 Uhr: Konferenz von ohooo (vor Ort und online)<\/p><\/li><li><p>18:00-18:30 Uhr: Interaktiver Workshop (nur vor Ort)<\/p><\/li><li><p>18:30-19:00 Uhr: Aperitif und Networking (nur vor Ort)<\/p><\/li><\/ul>\t\t\t\t\t\t\t\t<\/div>\n\t\t\t\t<\/div>\n\t\t\t\t\t<\/div>\n\t\t<\/div>\n\t\t\t\t<div class=\"elementor-column elementor-col-50 elementor-top-column elementor-element elementor-element-7732ed1\" data-id=\"7732ed1\" data-element_type=\"column\" data-e-type=\"column\" data-settings=\"{&quot;background_background&quot;:&quot;slideshow&quot;,&quot;background_slideshow_gallery&quot;:[{&quot;id&quot;:29454,&quot;url&quot;:&quot;https:\\\/\\\/digitourism.ch\\\/wp-content\\\/uploads\\\/2025\\\/07\\\/DE-web.png&quot;}],&quot;background_slideshow_slide_duration&quot;:5000,&quot;background_slideshow_slide_transition&quot;:&quot;fade&quot;,&quot;background_slideshow_transition_duration&quot;:500}\">\n\t\t\t<div class=\"elementor-widget-wrap\">\n\t\t\t\t\t\t\t<\/div>\n\t\t<\/div>\n\t\t\t\t\t<\/div>\n\t\t<\/section>\n\t\t\t\t<section class=\"elementor-section elementor-top-section elementor-element elementor-element-c60cbeb elementor-section-boxed elementor-section-height-default elementor-section-height-default\" data-id=\"c60cbeb\" data-element_type=\"section\" data-e-type=\"section\">\n\t\t\t\t\t\t<div class=\"elementor-container elementor-column-gap-default\">\n\t\t\t\t\t<div class=\"elementor-column elementor-col-100 elementor-top-column elementor-element elementor-element-69e6ce6\" data-id=\"69e6ce6\" data-element_type=\"column\" data-e-type=\"column\">\n\t\t\t<div class=\"elementor-widget-wrap elementor-element-populated\">\n\t\t\t\t\t\t<div class=\"elementor-element elementor-element-138e517 elementor-widget elementor-widget-spacer\" data-id=\"138e517\" data-element_type=\"widget\" data-e-type=\"widget\" data-widget_type=\"spacer.default\">\n\t\t\t\t<div class=\"elementor-widget-container\">\n\t\t\t\t\t\t\t<div class=\"elementor-spacer\">\n\t\t\t<div class=\"elementor-spacer-inner\"><\/div>\n\t\t<\/div>\n\t\t\t\t\t\t<\/div>\n\t\t\t\t<\/div>\n\t\t\t\t\t<\/div>\n\t\t<\/div>\n\t\t\t\t\t<\/div>\n\t\t<\/section>\n\t\t\t\t<section class=\"elementor-section elementor-top-section elementor-element elementor-element-e8d936d elementor-section-boxed elementor-section-height-default elementor-section-height-default\" data-id=\"e8d936d\" data-element_type=\"section\" data-e-type=\"section\">\n\t\t\t\t\t\t<div class=\"elementor-container elementor-column-gap-default\">\n\t\t\t\t\t<div class=\"elementor-column elementor-col-100 elementor-top-column elementor-element elementor-element-3e55cf0\" data-id=\"3e55cf0\" data-element_type=\"column\" data-e-type=\"column\">\n\t\t\t<div class=\"elementor-widget-wrap elementor-element-populated\">\n\t\t\t\t\t\t<div class=\"elementor-element elementor-element-8cc8060 elementor-widget elementor-widget-heading\" data-id=\"8cc8060\" data-element_type=\"widget\" data-e-type=\"widget\" data-widget_type=\"heading.default\">\n\t\t\t\t<div class=\"elementor-widget-container\">\n\t\t\t\t\t<h2 class=\"elementor-heading-title elementor-size-default\">Replay<\/h2>\t\t\t\t<\/div>\n\t\t\t\t<\/div>\n\t\t\t\t<div class=\"elementor-element elementor-element-33e4e07 elementor-widget elementor-widget-video\" data-id=\"33e4e07\" data-element_type=\"widget\" data-e-type=\"widget\" data-settings=\"{&quot;youtube_url&quot;:&quot;https:\\\/\\\/www.youtube.com\\\/watch?v=X6R445mn-pw&quot;,&quot;video_type&quot;:&quot;youtube&quot;,&quot;controls&quot;:&quot;yes&quot;}\" data-widget_type=\"video.default\">\n\t\t\t\t<div class=\"elementor-widget-container\">\n\t\t\t\t\t\t\t<div class=\"elementor-wrapper elementor-open-inline\">\n\t\t\t<div class=\"elementor-video\"><\/div>\t\t<\/div>\n\t\t\t\t\t\t<\/div>\n\t\t\t\t<\/div>\n\t\t\t\t<div class=\"elementor-element elementor-element-8f72468 elementor-widget elementor-widget-spacer\" data-id=\"8f72468\" data-element_type=\"widget\" data-e-type=\"widget\" data-widget_type=\"spacer.default\">\n\t\t\t\t<div class=\"elementor-widget-container\">\n\t\t\t\t\t\t\t<div class=\"elementor-spacer\">\n\t\t\t<div class=\"elementor-spacer-inner\"><\/div>\n\t\t<\/div>\n\t\t\t\t\t\t<\/div>\n\t\t\t\t<\/div>\n\t\t\t\t\t<\/div>\n\t\t<\/div>\n\t\t\t\t\t<\/div>\n\t\t<\/section>\n\t\t\t\t<section class=\"elementor-section elementor-top-section elementor-element elementor-element-22f6df2 elementor-section-boxed elementor-section-height-default elementor-section-height-default\" data-id=\"22f6df2\" data-element_type=\"section\" data-e-type=\"section\">\n\t\t\t\t\t\t<div class=\"elementor-container elementor-column-gap-default\">\n\t\t\t\t\t<div class=\"elementor-column elementor-col-50 elementor-top-column elementor-element elementor-element-a13ca2e\" data-id=\"a13ca2e\" data-element_type=\"column\" data-e-type=\"column\" data-settings=\"{&quot;background_background&quot;:&quot;classic&quot;}\">\n\t\t\t<div class=\"elementor-widget-wrap elementor-element-populated\">\n\t\t\t\t\t\t<div class=\"elementor-element elementor-element-7a4392e elementor-widget elementor-widget-heading\" data-id=\"7a4392e\" data-element_type=\"widget\" data-e-type=\"widget\" data-widget_type=\"heading.default\">\n\t\t\t\t<div class=\"elementor-widget-container\">\n\t\t\t\t\t<h2 class=\"elementor-heading-title elementor-size-default\">M\u00f6chten Sie mit der Agentur ohooo zusammenarbeiten?<\/h2>\t\t\t\t<\/div>\n\t\t\t\t<\/div>\n\t\t\t\t<div class=\"elementor-element elementor-element-bd087a7 elementor-widget elementor-widget-text-editor\" data-id=\"bd087a7\" data-element_type=\"widget\" data-e-type=\"widget\" data-widget_type=\"text-editor.default\">\n\t\t\t\t<div class=\"elementor-widget-container\">\n\t\t\t\t\t\t\t\t\t<p><strong>Digitourism unterst\u00fctzt Walliser Tourismusunternehmen, die mit einem akkreditierten Partner zusammenarbeiten m\u00f6chten.<\/strong><\/p><p>Profitieren Sie von einer finanziellen Unterst\u00fctzung von bis zu CHF 2&#8217;000, um ein Projekt mit der Agentur ohooo direkt in Ihrem Unternehmen zu entwickeln.<\/p><p>Entdecken Sie die Marketingagentur des Oberwallis <a href=\"https:\/\/www.ohooo.ch\/\" target=\"_blank\" rel=\"noopener\">hier<\/a>!<\/p>\t\t\t\t\t\t\t\t<\/div>\n\t\t\t\t<\/div>\n\t\t\t\t\t<\/div>\n\t\t<\/div>\n\t\t\t\t<div class=\"elementor-column elementor-col-50 elementor-top-column elementor-element elementor-element-8b37041\" data-id=\"8b37041\" data-element_type=\"column\" data-e-type=\"column\" data-settings=\"{&quot;background_background&quot;:&quot;classic&quot;}\">\n\t\t\t<div class=\"elementor-widget-wrap elementor-element-populated\">\n\t\t\t\t\t\t<div class=\"elementor-element elementor-element-00f6dca elementor-widget elementor-widget-spacer\" data-id=\"00f6dca\" data-element_type=\"widget\" data-e-type=\"widget\" data-widget_type=\"spacer.default\">\n\t\t\t\t<div class=\"elementor-widget-container\">\n\t\t\t\t\t\t\t<div class=\"elementor-spacer\">\n\t\t\t<div class=\"elementor-spacer-inner\"><\/div>\n\t\t<\/div>\n\t\t\t\t\t\t<\/div>\n\t\t\t\t<\/div>\n\t\t\t\t<div class=\"elementor-element elementor-element-cef954c elementor-widget elementor-widget-image\" data-id=\"cef954c\" data-element_type=\"widget\" data-e-type=\"widget\" data-widget_type=\"image.default\">\n\t\t\t\t<div class=\"elementor-widget-container\">\n\t\t\t\t\t\t\t\t\t\t\t\t\t\t\t\t<a href=\"https:\/\/www.ohooo.ch\/\" target=\"_blank\">\n\t\t\t\t\t\t\t<img decoding=\"async\" width=\"300\" height=\"134\" src=\"https:\/\/digitourism.ch\/wp-content\/uploads\/2025\/07\/ohooo-300x134.png\" class=\"attachment-medium size-medium wp-image-29318\" alt=\"\" srcset=\"https:\/\/digitourism.ch\/wp-content\/uploads\/2025\/07\/ohooo-300x134.png 300w, https:\/\/digitourism.ch\/wp-content\/uploads\/2025\/07\/ohooo.png 584w\" sizes=\"(max-width: 300px) 100vw, 300px\" \/>\t\t\t\t\t\t\t\t<\/a>\n\t\t\t\t\t\t\t\t\t\t\t\t\t\t\t<\/div>\n\t\t\t\t<\/div>\n\t\t\t\t\t<\/div>\n\t\t<\/div>\n\t\t\t\t\t<\/div>\n\t\t<\/section>\n\t\t\t\t<section class=\"elementor-section elementor-top-section elementor-element elementor-element-25402a1 elementor-section-boxed elementor-section-height-default elementor-section-height-default\" data-id=\"25402a1\" data-element_type=\"section\" data-e-type=\"section\">\n\t\t\t\t\t\t<div class=\"elementor-container elementor-column-gap-default\">\n\t\t\t\t\t<div class=\"elementor-column elementor-col-100 elementor-top-column elementor-element elementor-element-830c8ee\" data-id=\"830c8ee\" data-element_type=\"column\" data-e-type=\"column\">\n\t\t\t<div class=\"elementor-widget-wrap elementor-element-populated\">\n\t\t\t\t\t\t<div class=\"elementor-element elementor-element-1f9c5f7 elementor-widget elementor-widget-spacer\" data-id=\"1f9c5f7\" data-element_type=\"widget\" data-e-type=\"widget\" data-widget_type=\"spacer.default\">\n\t\t\t\t<div class=\"elementor-widget-container\">\n\t\t\t\t\t\t\t<div class=\"elementor-spacer\">\n\t\t\t<div class=\"elementor-spacer-inner\"><\/div>\n\t\t<\/div>\n\t\t\t\t\t\t<\/div>\n\t\t\t\t<\/div>\n\t\t\t\t\t<\/div>\n\t\t<\/div>\n\t\t\t\t\t<\/div>\n\t\t<\/section>\n\t\t\t\t<\/div>\n\t\t","protected":false},"excerpt":{"rendered":"<p>Treffen &amp; Webinar Speaking Gen Z mit der Agentur ohooo Was funktioniert bei der Generation von morgen? (Vortrag auf Deutsch) Das Treffen findet am Donnerstag, den 4. September 2025,von 17.00 bis 19.00 Uhr statt. Hotel Restaurant B\u00fcrchnerhof, B\u00fcrchen (VS) Es gibt auch die M\u00f6glichkeit, die Konferenz online zu verfolgen. Was motiviert die Generation Z? Und [&hellip;]<\/p>\n","protected":false},"author":20,"featured_media":29466,"parent":0,"menu_order":0,"comment_status":"closed","ping_status":"closed","template":"","meta":{"_acf_changed":false,"footnotes":""},"class_list":["post-29334","page","type-page","status-publish","has-post-thumbnail","hentry"],"acf":[],"yoast_head":"<!-- This site is optimized with the Yoast SEO plugin v27.5 - https:\/\/yoast.com\/product\/yoast-seo-wordpress\/ -->\n<title>Digitourism-Treffen: Speaking Gen Z \u2013 Was funktioniert bei der Generation von morgen? &#8211; Digitourism<\/title>\n<meta name=\"description\" content=\"Wir treffen uns am 4. September im B\u00fcchenerhof. Treffen \u00fcber &quot;Speaking Gen Z \u2013 Was funktioniert bei der Generation von morgen?&quot;\" \/>\n<meta name=\"robots\" content=\"index, nofollow, max-image-preview:large, max-video-preview:-1, nosnippet\" \/>\n<link rel=\"canonical\" href=\"https:\/\/digitourism.ch\/de\/digitourism-treffen-speaking-gen-z-was-funktioniert-bei-der-generation-von-morgen\/\" \/>\n<meta property=\"og:locale\" content=\"de_DE\" \/>\n<meta property=\"og:type\" content=\"article\" \/>\n<meta property=\"og:title\" content=\"Digitourism-Treffen: Speaking Gen Z \u2013 Was funktioniert bei der Generation von morgen? &#8211; Digitourism\" \/>\n<meta property=\"og:description\" content=\"Wir treffen uns am 4. September im B\u00fcchenerhof. Treffen \u00fcber &quot;Speaking Gen Z \u2013 Was funktioniert bei der Generation von morgen?&quot;\" \/>\n<meta property=\"og:url\" content=\"https:\/\/digitourism.ch\/de\/digitourism-treffen-speaking-gen-z-was-funktioniert-bei-der-generation-von-morgen\/\" \/>\n<meta property=\"og:site_name\" content=\"Digitourism\" \/>\n<meta property=\"article:modified_time\" content=\"2025-09-05T08:48:04+00:00\" \/>\n<meta property=\"og:image\" content=\"https:\/\/digitourism.ch\/wp-content\/uploads\/2025\/07\/image-scaled.png\" \/>\n\t<meta property=\"og:image:width\" content=\"2560\" \/>\n\t<meta property=\"og:image:height\" content=\"1280\" \/>\n\t<meta property=\"og:image:type\" content=\"image\/png\" \/>\n<meta name=\"twitter:card\" content=\"summary_large_image\" \/>\n<meta name=\"twitter:label1\" content=\"Gesch\u00e4tzte Lesezeit\" \/>\n\t<meta name=\"twitter:data1\" content=\"3\u00a0Minuten\" \/>\n<script type=\"application\/ld+json\" class=\"yoast-schema-graph\">{\"@context\":\"https:\\\/\\\/schema.org\",\"@graph\":[{\"@type\":\"WebPage\",\"@id\":\"https:\\\/\\\/digitourism.ch\\\/de\\\/digitourism-treffen-speaking-gen-z-was-funktioniert-bei-der-generation-von-morgen\\\/\",\"url\":\"https:\\\/\\\/digitourism.ch\\\/de\\\/digitourism-treffen-speaking-gen-z-was-funktioniert-bei-der-generation-von-morgen\\\/\",\"name\":\"Digitourism-Treffen: Speaking Gen Z \u2013 Was funktioniert bei der Generation von morgen? &#8211; Digitourism\",\"isPartOf\":{\"@id\":\"https:\\\/\\\/digitourism.ch\\\/de\\\/#website\"},\"primaryImageOfPage\":{\"@id\":\"https:\\\/\\\/digitourism.ch\\\/de\\\/digitourism-treffen-speaking-gen-z-was-funktioniert-bei-der-generation-von-morgen\\\/#primaryimage\"},\"image\":{\"@id\":\"https:\\\/\\\/digitourism.ch\\\/de\\\/digitourism-treffen-speaking-gen-z-was-funktioniert-bei-der-generation-von-morgen\\\/#primaryimage\"},\"thumbnailUrl\":\"https:\\\/\\\/digitourism.ch\\\/wp-content\\\/uploads\\\/2025\\\/07\\\/image-scaled.png\",\"datePublished\":\"2025-07-14T14:49:00+00:00\",\"dateModified\":\"2025-09-05T08:48:04+00:00\",\"description\":\"Wir treffen uns am 4. September im B\u00fcchenerhof. Treffen \u00fcber \\\"Speaking Gen Z \u2013 Was funktioniert bei der Generation von morgen?\\\"\",\"breadcrumb\":{\"@id\":\"https:\\\/\\\/digitourism.ch\\\/de\\\/digitourism-treffen-speaking-gen-z-was-funktioniert-bei-der-generation-von-morgen\\\/#breadcrumb\"},\"inLanguage\":\"de\",\"potentialAction\":[{\"@type\":\"ReadAction\",\"target\":[\"https:\\\/\\\/digitourism.ch\\\/de\\\/digitourism-treffen-speaking-gen-z-was-funktioniert-bei-der-generation-von-morgen\\\/\"]}]},{\"@type\":\"ImageObject\",\"inLanguage\":\"de\",\"@id\":\"https:\\\/\\\/digitourism.ch\\\/de\\\/digitourism-treffen-speaking-gen-z-was-funktioniert-bei-der-generation-von-morgen\\\/#primaryimage\",\"url\":\"https:\\\/\\\/digitourism.ch\\\/wp-content\\\/uploads\\\/2025\\\/07\\\/image-scaled.png\",\"contentUrl\":\"https:\\\/\\\/digitourism.ch\\\/wp-content\\\/uploads\\\/2025\\\/07\\\/image-scaled.png\",\"width\":2560,\"height\":1280},{\"@type\":\"BreadcrumbList\",\"@id\":\"https:\\\/\\\/digitourism.ch\\\/de\\\/digitourism-treffen-speaking-gen-z-was-funktioniert-bei-der-generation-von-morgen\\\/#breadcrumb\",\"itemListElement\":[{\"@type\":\"ListItem\",\"position\":1,\"name\":\"Home\",\"item\":\"https:\\\/\\\/digitourism.ch\\\/de\\\/\"},{\"@type\":\"ListItem\",\"position\":2,\"name\":\"Digitourism-Treffen: Speaking Gen Z \u2013 Was funktioniert bei der Generation von morgen?\"}]},{\"@type\":\"WebSite\",\"@id\":\"https:\\\/\\\/digitourism.ch\\\/de\\\/#website\",\"url\":\"https:\\\/\\\/digitourism.ch\\\/de\\\/\",\"name\":\"Digitourism\",\"description\":\"Die Digitalisierung im Dienste des Walliser Tourismus\",\"publisher\":{\"@id\":\"https:\\\/\\\/digitourism.ch\\\/de\\\/#organization\"},\"potentialAction\":[{\"@type\":\"SearchAction\",\"target\":{\"@type\":\"EntryPoint\",\"urlTemplate\":\"https:\\\/\\\/digitourism.ch\\\/de\\\/?s={search_term_string}\"},\"query-input\":{\"@type\":\"PropertyValueSpecification\",\"valueRequired\":true,\"valueName\":\"search_term_string\"}}],\"inLanguage\":\"de\"},{\"@type\":\"Organization\",\"@id\":\"https:\\\/\\\/digitourism.ch\\\/de\\\/#organization\",\"name\":\"Digitourism\",\"url\":\"https:\\\/\\\/digitourism.ch\\\/de\\\/\",\"logo\":{\"@type\":\"ImageObject\",\"inLanguage\":\"de\",\"@id\":\"https:\\\/\\\/digitourism.ch\\\/de\\\/#\\\/schema\\\/logo\\\/image\\\/\",\"url\":\"\",\"contentUrl\":\"\",\"caption\":\"Digitourism\"},\"image\":{\"@id\":\"https:\\\/\\\/digitourism.ch\\\/de\\\/#\\\/schema\\\/logo\\\/image\\\/\"}}]}<\/script>\n<!-- \/ Yoast SEO plugin. -->","yoast_head_json":{"title":"Digitourism-Treffen: Speaking Gen Z \u2013 Was funktioniert bei der Generation von morgen? &#8211; Digitourism","description":"Wir treffen uns am 4. September im B\u00fcchenerhof. Treffen \u00fcber \"Speaking Gen Z \u2013 Was funktioniert bei der Generation von morgen?\"","robots":{"index":"index","follow":"nofollow","max-image-preview":"max-image-preview:large","max-video-preview":"max-video-preview:-1","snippet":"nosnippet"},"canonical":"https:\/\/digitourism.ch\/de\/digitourism-treffen-speaking-gen-z-was-funktioniert-bei-der-generation-von-morgen\/","og_locale":"de_DE","og_type":"article","og_title":"Digitourism-Treffen: Speaking Gen Z \u2013 Was funktioniert bei der Generation von morgen? &#8211; Digitourism","og_description":"Wir treffen uns am 4. September im B\u00fcchenerhof. Treffen \u00fcber \"Speaking Gen Z \u2013 Was funktioniert bei der Generation von morgen?\"","og_url":"https:\/\/digitourism.ch\/de\/digitourism-treffen-speaking-gen-z-was-funktioniert-bei-der-generation-von-morgen\/","og_site_name":"Digitourism","article_modified_time":"2025-09-05T08:48:04+00:00","og_image":[{"width":2560,"height":1280,"url":"https:\/\/digitourism.ch\/wp-content\/uploads\/2025\/07\/image-scaled.png","type":"image\/png"}],"twitter_card":"summary_large_image","twitter_misc":{"Gesch\u00e4tzte Lesezeit":"3\u00a0Minuten"},"schema":{"@context":"https:\/\/schema.org","@graph":[{"@type":"WebPage","@id":"https:\/\/digitourism.ch\/de\/digitourism-treffen-speaking-gen-z-was-funktioniert-bei-der-generation-von-morgen\/","url":"https:\/\/digitourism.ch\/de\/digitourism-treffen-speaking-gen-z-was-funktioniert-bei-der-generation-von-morgen\/","name":"Digitourism-Treffen: Speaking Gen Z \u2013 Was funktioniert bei der Generation von morgen? &#8211; Digitourism","isPartOf":{"@id":"https:\/\/digitourism.ch\/de\/#website"},"primaryImageOfPage":{"@id":"https:\/\/digitourism.ch\/de\/digitourism-treffen-speaking-gen-z-was-funktioniert-bei-der-generation-von-morgen\/#primaryimage"},"image":{"@id":"https:\/\/digitourism.ch\/de\/digitourism-treffen-speaking-gen-z-was-funktioniert-bei-der-generation-von-morgen\/#primaryimage"},"thumbnailUrl":"https:\/\/digitourism.ch\/wp-content\/uploads\/2025\/07\/image-scaled.png","datePublished":"2025-07-14T14:49:00+00:00","dateModified":"2025-09-05T08:48:04+00:00","description":"Wir treffen uns am 4. September im B\u00fcchenerhof. Treffen \u00fcber \"Speaking Gen Z \u2013 Was funktioniert bei der Generation von morgen?\"","breadcrumb":{"@id":"https:\/\/digitourism.ch\/de\/digitourism-treffen-speaking-gen-z-was-funktioniert-bei-der-generation-von-morgen\/#breadcrumb"},"inLanguage":"de","potentialAction":[{"@type":"ReadAction","target":["https:\/\/digitourism.ch\/de\/digitourism-treffen-speaking-gen-z-was-funktioniert-bei-der-generation-von-morgen\/"]}]},{"@type":"ImageObject","inLanguage":"de","@id":"https:\/\/digitourism.ch\/de\/digitourism-treffen-speaking-gen-z-was-funktioniert-bei-der-generation-von-morgen\/#primaryimage","url":"https:\/\/digitourism.ch\/wp-content\/uploads\/2025\/07\/image-scaled.png","contentUrl":"https:\/\/digitourism.ch\/wp-content\/uploads\/2025\/07\/image-scaled.png","width":2560,"height":1280},{"@type":"BreadcrumbList","@id":"https:\/\/digitourism.ch\/de\/digitourism-treffen-speaking-gen-z-was-funktioniert-bei-der-generation-von-morgen\/#breadcrumb","itemListElement":[{"@type":"ListItem","position":1,"name":"Home","item":"https:\/\/digitourism.ch\/de\/"},{"@type":"ListItem","position":2,"name":"Digitourism-Treffen: Speaking Gen Z \u2013 Was funktioniert bei der Generation von morgen?"}]},{"@type":"WebSite","@id":"https:\/\/digitourism.ch\/de\/#website","url":"https:\/\/digitourism.ch\/de\/","name":"Digitourism","description":"Die Digitalisierung im Dienste des Walliser Tourismus","publisher":{"@id":"https:\/\/digitourism.ch\/de\/#organization"},"potentialAction":[{"@type":"SearchAction","target":{"@type":"EntryPoint","urlTemplate":"https:\/\/digitourism.ch\/de\/?s={search_term_string}"},"query-input":{"@type":"PropertyValueSpecification","valueRequired":true,"valueName":"search_term_string"}}],"inLanguage":"de"},{"@type":"Organization","@id":"https:\/\/digitourism.ch\/de\/#organization","name":"Digitourism","url":"https:\/\/digitourism.ch\/de\/","logo":{"@type":"ImageObject","inLanguage":"de","@id":"https:\/\/digitourism.ch\/de\/#\/schema\/logo\/image\/","url":"","contentUrl":"","caption":"Digitourism"},"image":{"@id":"https:\/\/digitourism.ch\/de\/#\/schema\/logo\/image\/"}}]}},"_links":{"self":[{"href":"https:\/\/digitourism.ch\/de\/wp-json\/wp\/v2\/pages\/29334","targetHints":{"allow":["GET"]}}],"collection":[{"href":"https:\/\/digitourism.ch\/de\/wp-json\/wp\/v2\/pages"}],"about":[{"href":"https:\/\/digitourism.ch\/de\/wp-json\/wp\/v2\/types\/page"}],"author":[{"embeddable":true,"href":"https:\/\/digitourism.ch\/de\/wp-json\/wp\/v2\/users\/20"}],"replies":[{"embeddable":true,"href":"https:\/\/digitourism.ch\/de\/wp-json\/wp\/v2\/comments?post=29334"}],"version-history":[{"count":68,"href":"https:\/\/digitourism.ch\/de\/wp-json\/wp\/v2\/pages\/29334\/revisions"}],"predecessor-version":[{"id":29626,"href":"https:\/\/digitourism.ch\/de\/wp-json\/wp\/v2\/pages\/29334\/revisions\/29626"}],"wp:featuredmedia":[{"embeddable":true,"href":"https:\/\/digitourism.ch\/de\/wp-json\/wp\/v2\/media\/29466"}],"wp:attachment":[{"href":"https:\/\/digitourism.ch\/de\/wp-json\/wp\/v2\/media?parent=29334"}],"curies":[{"name":"wp","href":"https:\/\/api.w.org\/{rel}","templated":true}]}}